{"id":7034,"date":"2025-01-30T17:34:34","date_gmt":"2025-01-30T12:34:34","guid":{"rendered":"https:\/\/ambashgabat.esteri.it\/chi-siamo\/la-sede\/eventi-svolti-nel-2023\/reading-per-il-centenario-di-nascita-di-italo-calvino\/"},"modified":"2025-03-18T12:30:53","modified_gmt":"2025-03-18T07:30:53","slug":"reading-per-il-centenario-di-nascita-di-italo-calvino","status":"publish","type":"page","link":"https:\/\/ambashgabat.esteri.it\/tk\/chi-siamo\/la-sede\/eventi-svolti-nel-2023\/reading-per-il-centenario-di-nascita-di-italo-calvino\/","title":{"rendered":"Italo Kalwinony\u0148 doglan g\u00fcn\u00fcni\u0148 100 \u00fdyllygy bagy\u015flanan kitap okamak g\u00fcni"},"content":{"rendered":"<p>&nbsp;<\/p>\n<p><img loading=\"lazy\" decoding=\"async\" class=\"\" src=\"https:\/\/ambashgabat.esteri.it\/wp-content\/uploads\/2025\/03\/IMG_2945-1024x754.jpeg\" width=\"369\" height=\"272\" \/><\/p>\n<p>27-nji okt\u00fdabrda Halkara Ynsanperwer Ylymlary we \u00d6s\u00fc\u015f uniwersitetinde Italo Kalwinony\u0148 (1923-2023) doglan g\u00fcn\u00fcni\u0148 100 \u00fdyllygyny bellenilmegine bagy\u015flanan \u00e7\u00e4re ge\u00e7irildi. Bu \u00e7\u00e4rede T\u00fcrkmenistanda ital\u00fdan dilini \u00f6wren\u00fd\u00e4n talyplar we okad\u00fdan mugallymlar \u00e7yky\u015f edip, awtory\u0148 eserlerini okap, \u00f6z teswirlerini \u00fdazdylar.<\/p>\n<div class=\"UdTY9 WdefRb\" aria-hidden=\"true\" data-location=\"2\"><\/div>\n<p>&nbsp;<\/p>\n<p><img loading=\"lazy\" decoding=\"async\" class=\"\" src=\"https:\/\/ambashgabat.esteri.it\/wp-content\/uploads\/2025\/03\/IMG_2947-898x1024.jpeg\" width=\"250\" height=\"285\" \/>\u00a0 \u00a0 \u00a0 \u00a0 <img loading=\"lazy\" decoding=\"async\" class=\"\" src=\"https:\/\/ambashgabat.esteri.it\/wp-content\/uploads\/2025\/03\/IMG_2946-912x1024.jpeg\" width=\"254\" height=\"285\" \/><\/p>\n<p>&nbsp;<\/p>\n<p>&nbsp;<\/p>\n<p>&nbsp;<\/p>\n<p>&nbsp;<\/p>\n","protected":false},"excerpt":{"rendered":"&nbsp; 27-nji okt\u00fdabrda Halkara Ynsanperwer Ylymlary we \u00d6s\u00fc\u015f uniwersitetinde Italo Kalwinony\u0148 (1923-2023) doglan g\u00fcn\u00fcni\u0148 100 \u00fdyllygyny bellenilmegine bagy\u015flanan \u00e7\u00e4re ge\u00e7irildi. Bu \u00e7\u00e4rede T\u00fcrkmenistanda ital\u00fdan dilini \u00f6wren\u00fd\u00e4n talyplar we okad\u00fdan mugallymlar \u00e7yky\u015f edip, awtory\u0148 eserlerini okap, \u00f6z teswirlerini \u00fdazdylar. &nbsp; \u00a0 \u00a0 \u00a0 \u00a0 &nbsp; &nbsp; &nbsp; &nbsp;","protected":false},"author":6,"featured_media":0,"parent":6536,"menu_order":0,"comment_status":"closed","ping_status":"closed","template":"","meta":{"footnotes":""},"class_list":["post-7034","page","type-page","status-publish","hentry"],"_links":{"self":[{"href":"https:\/\/ambashgabat.esteri.it\/tk\/wp-json\/wp\/v2\/pages\/7034","targetHints":{"allow":["GET"]}}],"collection":[{"href":"https:\/\/ambashgabat.esteri.it\/tk\/wp-json\/wp\/v2\/pages"}],"about":[{"href":"https:\/\/ambashgabat.esteri.it\/tk\/wp-json\/wp\/v2\/types\/page"}],"author":[{"embeddable":true,"href":"https:\/\/ambashgabat.esteri.it\/tk\/wp-json\/wp\/v2\/users\/6"}],"replies":[{"embeddable":true,"href":"https:\/\/ambashgabat.esteri.it\/tk\/wp-json\/wp\/v2\/comments?post=7034"}],"version-history":[{"count":2,"href":"https:\/\/ambashgabat.esteri.it\/tk\/wp-json\/wp\/v2\/pages\/7034\/revisions"}],"predecessor-version":[{"id":7039,"href":"https:\/\/ambashgabat.esteri.it\/tk\/wp-json\/wp\/v2\/pages\/7034\/revisions\/7039"}],"up":[{"embeddable":true,"href":"https:\/\/ambashgabat.esteri.it\/tk\/wp-json\/wp\/v2\/pages\/6536"}],"wp:attachment":[{"href":"https:\/\/ambashgabat.esteri.it\/tk\/wp-json\/wp\/v2\/media?parent=7034"}],"curies":[{"name":"wp","href":"https:\/\/api.w.org\/{rel}","templated":true}]}}