{"id":6523,"date":"2025-01-27T23:40:09","date_gmt":"2025-01-27T18:40:09","guid":{"rendered":"https:\/\/ambashgabat.esteri.it\/chi-siamo\/la-sede\/eventi-in-programmazione-nel-2024\/settimana-della-lingua-italiana-nel-mondolitaliano-e-il-libro-il-mondo-tra-le-righe\/"},"modified":"2025-03-17T15:47:27","modified_gmt":"2025-03-17T10:47:27","slug":"settimana-della-lingua-italiana-nel-mondolitaliano-e-il-libro-il-mondo-tra-le-righe","status":"publish","type":"page","link":"https:\/\/ambashgabat.esteri.it\/tk\/chi-siamo\/la-sede\/eventi-in-programmazione-nel-2024\/settimana-della-lingua-italiana-nel-mondolitaliano-e-il-libro-il-mondo-tra-le-righe\/","title":{"rendered":"Week of the Italian Language in the World (2024)"},"content":{"rendered":"<p>&nbsp;<\/p>\n<p><img decoding=\"async\" src=\"https:\/\/ambashgabat.esteri.it\/wp-content\/uploads\/2024\/12\/logo_sett_linguaita-300x116-1.jpg\" \/><\/p>\n<p><span class=\"jCAhz ChMk0b\"><span class=\"ryNqvb\">A\u015fgabat \u015f\u00e4herind\u00e4ki Halkara Ynsanperwer Ylymlary we \u00d6s\u00fc\u015f Uniwersitetinde il\u00e7i Luigi Ferrari, rektor Maral Kuli\u00fdewa we Perugi\u00fdany\u0148 Uniwersiteti\u0148 Rektory Walerio De Sezarisi\u0148 gatna\u015fmagynda ital\u00fdan dili hepdeligi a\u00e7yldy.<\/span><\/span> <span class=\"jCAhz ChMk0b\"><span class=\"ryNqvb\">Il\u00e7i ital\u00fdan medeni\u00fdetini\u0148 \u00fdum\u015fak g\u00fc\u00fd\u00e7 guraly h\u00f6km\u00fcnde \u00e4hmi\u00fdetine \u00fcnsi \u00e7ekdi we Rektor De Sezaris uniwersiteti\u0148 da\u015fary \u00fdurtlular \u00fc\u00e7in ital\u00fdan dilini we medeni\u00fdetini b\u00fctin d\u00fcn\u00fd\u00e4de tanatmakdaky \u00e4hmi\u00fdeti barada a\u00fdtdy.<\/span><\/span><\/p>\n<p>&nbsp;<\/p>\n<p><img loading=\"lazy\" decoding=\"async\" class=\"\" src=\"https:\/\/ambashgabat.esteri.it\/wp-content\/uploads\/2024\/10\/IMG-20241019-WA0007-1024x1024.jpg\" width=\"340\" height=\"340\" \/>\u00a0 \u00a0 <img loading=\"lazy\" decoding=\"async\" class=\"\" src=\"https:\/\/ambashgabat.esteri.it\/wp-content\/uploads\/2024\/10\/IMG-20241019-WA0006-1024x1024.jpg\" width=\"343\" height=\"343\" \/><\/p>\n<p>Bu \u00e7\u00e4re Peruji\u00fdada okamak isle\u00fd\u00e4n k\u00f6p sanly okuw\u00e7yny \u00f6z\u00fcne \u00e7ekdi. 14-nji okt\u00fdabrda Peruji\u00fda Uniwersiteti bilen Magtymguly adyndaky D\u00f6wlet Uniwersitetini\u0148 arasynda geljekde da\u015fary \u00fdurt dili mugallymlaryny, \u015fol sanda ital\u00fdan dilini \u00f6wretmek we iki uniwersiteti\u0148 arasyndaky hyzmatda\u015flygy g\u00fc\u00fd\u00e7lendirmek \u00fc\u00e7in \u00f6zara d\u00fc\u015f\u00fcni\u015fmek Memoranduma gol \u00e7ekildi.<\/p>\n<p>B\u00fctind\u00fcn\u00fd\u00e4 ital\u00fdan dili hepdeligini\u0148 XXIV ne\u015firi (SLIM 2024) 14-18-nji okt\u00fdabr aralygynda A\u015fgabatda &#8220;Setirleri\u0148 arasyndaky ital\u00fdan dili&#8221; mowzugyna bagy\u015flanan birn\u00e4\u00e7e konferensi\u00fda we \u00fdygnak ge\u00e7irildi. Jenap Walerio De Sezaris we Hanym Walentina Seri \u00fd\u00fczler\u00e7e mugallym, g\u00f6zleg\u00e7i we talyp bilen du\u015fu\u015fyk ge\u00e7irdiler.<\/p>\n","protected":false},"excerpt":{"rendered":"&nbsp; A\u015fgabat \u015f\u00e4herind\u00e4ki Halkara Ynsanperwer Ylymlary we \u00d6s\u00fc\u015f Uniwersitetinde il\u00e7i Luigi Ferrari, rektor Maral Kuli\u00fdewa we Perugi\u00fdany\u0148 Uniwersiteti\u0148 Rektory Walerio De Sezarisi\u0148 gatna\u015fmagynda ital\u00fdan dili hepdeligi a\u00e7yldy. Il\u00e7i ital\u00fdan medeni\u00fdetini\u0148 \u00fdum\u015fak g\u00fc\u00fd\u00e7 guraly h\u00f6km\u00fcnde \u00e4hmi\u00fdetine \u00fcnsi \u00e7ekdi we Rektor De Sezaris uniwersiteti\u0148 da\u015fary \u00fdurtlular \u00fc\u00e7in ital\u00fdan dilini we medeni\u00fdetini b\u00fctin d\u00fcn\u00fd\u00e4de tanatmakdaky \u00e4hmi\u00fdeti barada a\u00fdtdy. [&hellip;]","protected":false},"author":6,"featured_media":0,"parent":6077,"menu_order":0,"comment_status":"closed","ping_status":"closed","template":"","meta":{"footnotes":""},"class_list":["post-6523","page","type-page","status-publish","hentry"],"_links":{"self":[{"href":"https:\/\/ambashgabat.esteri.it\/tk\/wp-json\/wp\/v2\/pages\/6523","targetHints":{"allow":["GET"]}}],"collection":[{"href":"https:\/\/ambashgabat.esteri.it\/tk\/wp-json\/wp\/v2\/pages"}],"about":[{"href":"https:\/\/ambashgabat.esteri.it\/tk\/wp-json\/wp\/v2\/types\/page"}],"author":[{"embeddable":true,"href":"https:\/\/ambashgabat.esteri.it\/tk\/wp-json\/wp\/v2\/users\/6"}],"replies":[{"embeddable":true,"href":"https:\/\/ambashgabat.esteri.it\/tk\/wp-json\/wp\/v2\/comments?post=6523"}],"version-history":[{"count":3,"href":"https:\/\/ambashgabat.esteri.it\/tk\/wp-json\/wp\/v2\/pages\/6523\/revisions"}],"predecessor-version":[{"id":6530,"href":"https:\/\/ambashgabat.esteri.it\/tk\/wp-json\/wp\/v2\/pages\/6523\/revisions\/6530"}],"up":[{"embeddable":true,"href":"https:\/\/ambashgabat.esteri.it\/tk\/wp-json\/wp\/v2\/pages\/6077"}],"wp:attachment":[{"href":"https:\/\/ambashgabat.esteri.it\/tk\/wp-json\/wp\/v2\/media?parent=6523"}],"curies":[{"name":"wp","href":"https:\/\/api.w.org\/{rel}","templated":true}]}}