{"id":6357,"date":"2025-01-27T23:26:01","date_gmt":"2025-01-27T18:26:01","guid":{"rendered":"https:\/\/ambashgabat.esteri.it\/chi-siamo\/la-sede\/eventi-in-programmazione-nel-2024\/italian-design-day-conferenze-dellarchitetto-andrea-caputo\/"},"modified":"2025-08-05T11:01:15","modified_gmt":"2025-08-05T06:01:15","slug":"italian-design-day-conferenze-dellarchitetto-andrea-caputo","status":"publish","type":"page","link":"https:\/\/ambashgabat.esteri.it\/tk\/chi-siamo\/la-sede\/eventi-in-programmazione-nel-2024\/italian-design-day-conferenze-dellarchitetto-andrea-caputo\/","title":{"rendered":"Ital\u00fdan Diza\u00fdn g\u00fcni- arhitektor Andrea Kaputony\u0148 ge\u00e7iren konferensi\u00fdalary"},"content":{"rendered":"<p><img loading=\"lazy\" decoding=\"async\" class=\"\" src=\"https:\/\/ambashgabat.esteri.it\/wp-content\/uploads\/2024\/03\/IMG-20240314-WA0019-1024x576.jpg\" width=\"542\" height=\"305\" \/><\/p>\n<p>2024-nji \u00fdyly\u0148 14-nji martynda \u201cGymmatlygy d\u00f6retmek: \u00f6z i\u00e7ine alyjylyk, innowasi\u00fda we durnuklylyk\u201d mowzugyna bagy\u015flanan Itali\u00fdan diza\u00fdn g\u00fcn\u00fcni\u0148 (IDD) 8-nji ne\u015firi ge\u00e7irildi. Tanymal binag\u00e4r we halkara derejesinde me\u015fhur diza\u00fdner, professor Stefano Boerini\u0148 talyby, Milanda (2011-nji \u00fdyldan b\u00e4ri) we \u015eanha\u00fdda (2017-nji \u00fdyldan b\u00e4ri) professional studi\u00fdalary\u0148 e\u00fdesi Andrea Kaputo T\u00fcrkmenistanda IDD-i\u0148 il\u00e7isi boldy. Arhitektura we gurlu\u015fyk instituty, \u015eekillendiri\u015f sungaty akademi\u00fdasy, Magtymguly adyndaky T\u00fcrkmen d\u00f6wlet uniwersiteti, Halkara Ynsanperwer Ylymlary we \u00d6s\u00fc\u015f Uniwersiteti we I\u015f nokady \u00fdaly d\u00fcrli edaralarda leksi\u00fdalar berdi. Kaputo \u015fe\u00fdle hem T\u00fcrkmenistan S\u00f6wda Palatasy we Teleke\u00e7iler bilele\u015figi bilen du\u015fu\u015fyklar ge\u00e7irdi.<\/p>\n<p>A\u015fgabatda ge\u00e7irilen IDD 2024 g\u00fcnleri, 15-nji aprelde ge\u00e7irilen &#8220;Made in Italy Day&#8221; we Milanda Salone del Mobile a\u00e7yly\u015fy bilen has gi\u0148 hyzmatda\u015flygy\u0148 bir b\u00f6legi boldy.<\/p>\n<p>&nbsp;<\/p>\n<p><img loading=\"lazy\" decoding=\"async\" class=\"\" src=\"https:\/\/ambashgabat.esteri.it\/wp-content\/uploads\/2024\/03\/IMG-20240314-WA0020-1024x576.jpg\" width=\"478\" height=\"269\" \/> <img loading=\"lazy\" decoding=\"async\" class=\"\" src=\"https:\/\/ambashgabat.esteri.it\/wp-content\/uploads\/2024\/03\/IMG-20240314-WA0021-1024x768.jpg\" width=\"358\" height=\"268\" \/><\/p>\n<p>&nbsp;<\/p>\n<p>&nbsp;<\/p>\n<p>&nbsp;<\/p>\n<p>&nbsp;<\/p>\n<p>&nbsp;<\/p>\n<p>&nbsp;<\/p>\n<p>&nbsp;<\/p>\n<p>&nbsp;<\/p>\n","protected":false},"excerpt":{"rendered":"2024-nji \u00fdyly\u0148 14-nji martynda \u201cGymmatlygy d\u00f6retmek: \u00f6z i\u00e7ine alyjylyk, innowasi\u00fda we durnuklylyk\u201d mowzugyna bagy\u015flanan Itali\u00fdan diza\u00fdn g\u00fcn\u00fcni\u0148 (IDD) 8-nji ne\u015firi ge\u00e7irildi. Tanymal binag\u00e4r we halkara derejesinde me\u015fhur diza\u00fdner, professor Stefano Boerini\u0148 talyby, Milanda (2011-nji \u00fdyldan b\u00e4ri) we \u015eanha\u00fdda (2017-nji \u00fdyldan b\u00e4ri) professional studi\u00fdalary\u0148 e\u00fdesi Andrea Kaputo T\u00fcrkmenistanda IDD-i\u0148 il\u00e7isi boldy. Arhitektura we gurlu\u015fyk instituty, \u015eekillendiri\u015f [&hellip;]","protected":false},"author":6,"featured_media":0,"parent":6077,"menu_order":0,"comment_status":"closed","ping_status":"closed","template":"","meta":{"footnotes":""},"class_list":["post-6357","page","type-page","status-publish","hentry"],"_links":{"self":[{"href":"https:\/\/ambashgabat.esteri.it\/tk\/wp-json\/wp\/v2\/pages\/6357","targetHints":{"allow":["GET"]}}],"collection":[{"href":"https:\/\/ambashgabat.esteri.it\/tk\/wp-json\/wp\/v2\/pages"}],"about":[{"href":"https:\/\/ambashgabat.esteri.it\/tk\/wp-json\/wp\/v2\/types\/page"}],"author":[{"embeddable":true,"href":"https:\/\/ambashgabat.esteri.it\/tk\/wp-json\/wp\/v2\/users\/6"}],"replies":[{"embeddable":true,"href":"https:\/\/ambashgabat.esteri.it\/tk\/wp-json\/wp\/v2\/comments?post=6357"}],"version-history":[{"count":2,"href":"https:\/\/ambashgabat.esteri.it\/tk\/wp-json\/wp\/v2\/pages\/6357\/revisions"}],"predecessor-version":[{"id":6364,"href":"https:\/\/ambashgabat.esteri.it\/tk\/wp-json\/wp\/v2\/pages\/6357\/revisions\/6364"}],"up":[{"embeddable":true,"href":"https:\/\/ambashgabat.esteri.it\/tk\/wp-json\/wp\/v2\/pages\/6077"}],"wp:attachment":[{"href":"https:\/\/ambashgabat.esteri.it\/tk\/wp-json\/wp\/v2\/media?parent=6357"}],"curies":[{"name":"wp","href":"https:\/\/api.w.org\/{rel}","templated":true}]}}