{"id":5972,"date":"2025-01-24T15:28:41","date_gmt":"2025-01-24T10:28:41","guid":{"rendered":"https:\/\/ambashgabat.esteri.it\/chi-siamo\/la-sede\/eventi-programmati-per-il-2025\/giornata-dei-lavoratori-diplomatici-in-turkmenistan\/"},"modified":"2025-03-14T10:49:39","modified_gmt":"2025-03-14T05:49:39","slug":"giornata-dei-lavoratori-diplomatici-in-turkmenistan","status":"publish","type":"page","link":"https:\/\/ambashgabat.esteri.it\/tk\/chi-siamo\/la-sede\/eventi-programmati-per-il-2025\/giornata-dei-lavoratori-diplomatici-in-turkmenistan\/","title":{"rendered":"T\u00fcrkmenistanda Diplomatik i\u015fg\u00e4rleri\u0148 g\u00fcni"},"content":{"rendered":"<p><img loading=\"lazy\" decoding=\"async\" class=\"img-fluid wp-image-5046 \" src=\"https:\/\/ambashgabat.esteri.it\/wp-content\/uploads\/2025\/02\/IMG_2776-853x1024.jpeg\" alt=\"\" width=\"295\" height=\"354\" srcset=\"https:\/\/ambashgabat.esteri.it\/wp-content\/uploads\/2025\/02\/IMG_2776-853x1024.jpeg 853w, https:\/\/ambashgabat.esteri.it\/wp-content\/uploads\/2025\/02\/IMG_2776-250x300.jpeg 250w, https:\/\/ambashgabat.esteri.it\/wp-content\/uploads\/2025\/02\/IMG_2776-768x922.jpeg 768w, https:\/\/ambashgabat.esteri.it\/wp-content\/uploads\/2025\/02\/IMG_2776.jpeg 1179w\" sizes=\"auto, (max-width: 295px) 100vw, 295px\" \/><\/p>\n<p>2025-nji \u00fdyly\u0148 18-nji fewralynda, T\u00fcrkmenistanda Da\u015fary i\u015fler ministrligi Halkara gatna\u015fyklary institutynda &#8220;Diplomatik i\u015fg\u00e4rler g\u00fcni&#8221; gurnady. Bu \u00e7\u00e4r\u00e4 Itali\u00fdany\u0148 Ashgabatdaky il\u00e7ihanasy hem gatna\u015fyp, T\u00fcrkmenistanda akkreditirlenen diplomatik wekilhanalary\u0148 sergisinde \u00f6z stendinde sergisini gurnady. Bu \u00e7\u00e4re Itali\u00fdany\u0148 s\u00f6wda, medeni\u00fdet, ylym we okuw ugurlaryndaky alyp bar\u00fdan i\u015fleri barada maglumat bermek \u00fc\u00e7in gowy m\u00fcmkin\u00e7ilik boldy.<\/p>\n<p>&nbsp;<\/p>\n<p><img loading=\"lazy\" decoding=\"async\" class=\"img-fluid wp-image-5035 \" src=\"https:\/\/ambashgabat.esteri.it\/wp-content\/uploads\/2025\/02\/IMG_2777-1024x998.jpeg\" alt=\"\" width=\"291\" height=\"283\" srcset=\"https:\/\/ambashgabat.esteri.it\/wp-content\/uploads\/2025\/02\/IMG_2777-1024x998.jpeg 1024w, https:\/\/ambashgabat.esteri.it\/wp-content\/uploads\/2025\/02\/IMG_2777-300x292.jpeg 300w, https:\/\/ambashgabat.esteri.it\/wp-content\/uploads\/2025\/02\/IMG_2777-768x748.jpeg 768w, https:\/\/ambashgabat.esteri.it\/wp-content\/uploads\/2025\/02\/IMG_2777.jpeg 1179w\" sizes=\"auto, (max-width: 291px) 100vw, 291px\" \/><\/p>\n","protected":false},"excerpt":{"rendered":"2025-nji \u00fdyly\u0148 18-nji fewralynda, T\u00fcrkmenistanda Da\u015fary i\u015fler ministrligi Halkara gatna\u015fyklary institutynda &#8220;Diplomatik i\u015fg\u00e4rler g\u00fcni&#8221; gurnady. Bu \u00e7\u00e4r\u00e4 Itali\u00fdany\u0148 Ashgabatdaky il\u00e7ihanasy hem gatna\u015fyp, T\u00fcrkmenistanda akkreditirlenen diplomatik wekilhanalary\u0148 sergisinde \u00f6z stendinde sergisini gurnady. Bu \u00e7\u00e4re Itali\u00fdany\u0148 s\u00f6wda, medeni\u00fdet, ylym we okuw ugurlaryndaky alyp bar\u00fdan i\u015fleri barada maglumat bermek \u00fc\u00e7in gowy m\u00fcmkin\u00e7ilik boldy. &nbsp;","protected":false},"author":6,"featured_media":0,"parent":5936,"menu_order":0,"comment_status":"closed","ping_status":"closed","template":"","meta":{"footnotes":""},"class_list":["post-5972","page","type-page","status-publish","hentry"],"_links":{"self":[{"href":"https:\/\/ambashgabat.esteri.it\/tk\/wp-json\/wp\/v2\/pages\/5972","targetHints":{"allow":["GET"]}}],"collection":[{"href":"https:\/\/ambashgabat.esteri.it\/tk\/wp-json\/wp\/v2\/pages"}],"about":[{"href":"https:\/\/ambashgabat.esteri.it\/tk\/wp-json\/wp\/v2\/types\/page"}],"author":[{"embeddable":true,"href":"https:\/\/ambashgabat.esteri.it\/tk\/wp-json\/wp\/v2\/users\/6"}],"replies":[{"embeddable":true,"href":"https:\/\/ambashgabat.esteri.it\/tk\/wp-json\/wp\/v2\/comments?post=5972"}],"version-history":[{"count":3,"href":"https:\/\/ambashgabat.esteri.it\/tk\/wp-json\/wp\/v2\/pages\/5972\/revisions"}],"predecessor-version":[{"id":5977,"href":"https:\/\/ambashgabat.esteri.it\/tk\/wp-json\/wp\/v2\/pages\/5972\/revisions\/5977"}],"up":[{"embeddable":true,"href":"https:\/\/ambashgabat.esteri.it\/tk\/wp-json\/wp\/v2\/pages\/5936"}],"wp:attachment":[{"href":"https:\/\/ambashgabat.esteri.it\/tk\/wp-json\/wp\/v2\/media?parent=5972"}],"curies":[{"name":"wp","href":"https:\/\/api.w.org\/{rel}","templated":true}]}}