{"id":3863,"date":"2023-04-11T17:45:43","date_gmt":"2023-04-11T12:45:43","guid":{"rendered":"https:\/\/ambashgabat.esteri.it\/news\/dall_ambasciata\/"},"modified":"2025-01-21T20:25:31","modified_gmt":"2025-01-21T15:25:31","slug":"dall_ambasciata","status":"publish","type":"page","link":"https:\/\/ambashgabat.esteri.it\/tk\/news\/dall_ambasciata\/","title":{"rendered":"Il\u00e7ihanadan"},"content":{"rendered":"        <div class=\"row\">\n\t\t\t<!-- Ricerca sedi post -->\n\t\t\t<div class=\"col-12 mt-4\">\n\t\t\t  <div class=\"callout callout-highlight note ricerca-esteri p-4\">\n                    <div class=\"callout-title\">\n                        <svg class=\"icon\">\n                            <use xlink:href=\"https:\/\/ambashgabat.esteri.it\/wp-content\/themes\/sedi-tema\/assets\/svg\/sprites.svg#it-search\"><\/use>\n                        <\/svg>G\u00f6zleg parametrlerini girizi\u0148                    <\/div>\n                    <form id=\"searchFormPost\" name=\"form-search-post\" class=\"form-row align-items-center\" action=\"https:\/\/ambashgabat.esteri.it\/tk\/wp-json\/wp\/v2\/pages\/3863\/\" method=\"GET\"> \n                        <!-- <div class=\"form-group pt-5\"> -->\n                            <!-- <input type=\"hidden\" id=\"lang\" name=\"lang\" value=\"\"> --> <!-- <\/div> -->\n\n                        <div class=\"it-datepicker-wrapper\">\n                            <div class=\"row\">\n                                <div class=\"form-group col-md-6\">\n                                    <label class=\"active\" for=\"date-init\">Wagtdan<\/label>\n                                    <input class=\"form-control\" name=\"date-init\" id=\"date-init\" type=\"date\" placeholder=\"gg\/mm\/aaaa\" value=\"\"lang=\"en-EN\">  \n                                <\/div>\n                                <div class=\"form-group col-md-6\">\n                                    <label class=\"active\" for=\"date-end\">Wagta \u00e7enli<\/label>\n                                    <input class=\"form-control\" name=\"date-end\" id=\"date-end\" type=\"date\" placeholder=\"gg\/mm\/aaaa\" value=\"\">\n                                <\/div>\n                            <\/div>\n                        <\/div>\n                        <div class=\"form-group col-md-12 mt-3\">\n                            <label for=\"searchText\">G\u00f6zleg me\u00fddany<\/label>\n                            <input type=\"text\" name=\"searchText\" class=\"form-control\" id=\"searchText\" value=\"\">\n                        <\/div>\n                        <div class=\"form-group col-md-4 offset-md-8 text-end\">\n                            <a href=\"https:\/\/ambashgabat.esteri.it\/tk\/news\/dall_ambasciata\/\" title=\"Form reset\" id=\"resetImput\" class=\"btn btn-outline-primary btn-xs\">Reset<\/a>\n                            <button type=\"submit\" class=\"btn btn-primary btn-xs\">Netijeleri g\u00f6rkez<\/button>\n                        <\/div>\n                    <\/form>\n\t\t\t\t<\/div>\n\t\t\t<\/div>\n\t\t<\/div>\n                    \n            <div class=\"row\">\n                            <div class=\"col-12 mt-3\">\n                <!--start card-->\n                <div class=\"card-wrapper card-space\">\n                    <div class=\"card card-bg card-big border-bottom-card\">\n                        <div class=\"card-body \">\n                                                        <div class=\"category-top\">\n                                                                                                            <span class=\"\">\n                                        <svg class=\"icon icon-secondary\">\n                                            <use xlink:href=\"https:\/\/ambashgabat.esteri.it\/wp-content\/themes\/sedi-tema\/assets\/svg\/sprites.svg#it-calendar\"><\/use>\n                                        <\/svg> 9 April 2026                                    <\/span>\n                                                                    <\/div>\n                            <h5 class=\"card-title big-heading text-uppercase\"><a class=\"text-body text-decoration-none\" href=\"https:\/\/ambashgabat.esteri.it\/tk\/news\/dall_ambasciata\/2026\/04\/il-nuovo-ambasciatore-ditalia-ad-ashgabat-e-s-e-martin-brook\/\" title=\"Itali\u00fdany\u0148 A\u015fgabatdaky t\u00e4ze Il\u00e7isi &#8211; Hormatly Martin Brook\">Itali\u00fdany\u0148 A\u015fgabatdaky t\u00e4ze Il\u00e7isi &#8211; Hormatly Martin Brook<\/a><\/h5>\n                            <p class=\"card-text\">Hormatly Il\u00e7i Jenap Martin Bruk \u201cItali\u00fda bilen Halkara parahat\u00e7ylygyny we howpsuzlygyny goldamak \u00fc\u00e7in geple\u015fiklere ygrarly bolan dostlukly \u00fdurt \u2014 T\u00fcrkmenistanda Il\u00e7i wezipesini \u00fderine \u00fdetirmek, meni\u0148 \u00fc\u00e7in uly hormatdyr. Esasy ileri tutuljak ugur \u00fdurtlarymyzy\u0148 arasynda ykdysady we s\u00f6wda gatna\u015fyklaryny has-da berkitmek bolar.\u201d &nbsp;<\/p>\n                                <a title=\"Itali\u00fdany\u0148 A\u015fgabatdaky t\u00e4ze Il\u00e7isi &#8211; Hormatly Martin Brook\" class=\"read-more\" href=\"https:\/\/ambashgabat.esteri.it\/tk\/news\/dall_ambasciata\/2026\/04\/il-nuovo-ambasciatore-ditalia-ad-ashgabat-e-s-e-martin-brook\/\">\n                                    <span class=\"text\">Dowamyny oka<\/span>\n                                    <svg class=\"icon\">\n                                    <use xlink:href=\"https:\/\/ambashgabat.esteri.it\/wp-content\/themes\/sedi-tema\/assets\/svg\/sprites.svg#it-arrow-right\"><\/use>\n                                    <\/svg>\n                                <\/a>\n                                                    <\/div>\n                    <\/div>\n                <\/div>\n                <!--end card-->\n                <\/div><!-- col-12 .mt-3-->\n                            <div class=\"col-12 mt-3\">\n                <!--start card-->\n                <div class=\"card-wrapper card-space\">\n                    <div class=\"card card-bg card-big border-bottom-card\">\n                        <div class=\"card-body \">\n                                                        <div class=\"category-top\">\n                                                                                                            <span class=\"\">\n                                        <svg class=\"icon icon-secondary\">\n                                            <use xlink:href=\"https:\/\/ambashgabat.esteri.it\/wp-content\/themes\/sedi-tema\/assets\/svg\/sprites.svg#it-calendar\"><\/use>\n                                        <\/svg> 16 March 2026                                    <\/span>\n                                                                    <\/div>\n                            <h5 class=\"card-title big-heading text-uppercase\"><a class=\"text-body text-decoration-none\" href=\"https:\/\/ambashgabat.esteri.it\/tk\/news\/dall_ambasciata\/2026\/03\/merkezi-aziya-yurtlarynyn-yas-diplomatlary-ucin-ikinji-okuw-kursy\/\" title=\"Merkezi Azi\u00fda \u00fdurtlaryny\u0148 \u00fda\u015f diplomatlary \u00fc\u00e7in ikinji okuw kursy.\">Merkezi Azi\u00fda \u00fdurtlaryny\u0148 \u00fda\u015f diplomatlary \u00fc\u00e7in ikinji okuw kursy.<\/a><\/h5>\n                            <p class=\"card-text\">A\u015fgabat, 2026-njy \u00fdyly\u0148 13-nji marty: 9-njy martdan 13-nji marta \u00e7enli Merkezi Azi\u00fda \u00fdurtlaryny\u0148 \u00fda\u015f diplomatlary \u00fc\u00e7in ikinji okuw kursy A\u015fgabatda ge\u00e7irildi. Biz kursy\u0148 resmi a\u00e7yly\u015fyna T\u00fcrkmenistany\u0148 Da\u015fary i\u015fler Ministrligini\u0148 Halkara Gatna\u015fyklar Institutynda T\u00fcrkmenistany\u0148 Da\u015fary i\u015fler ministrligini\u0148 orunbasary Mahri Bashimowany\u0148 gatna\u015fmagynda gatna\u015fdyk. Kurs T\u00fcrkmenistany\u0148 BMG ulgamyny\u0148 we Da\u015fary i\u015fler ministrligini\u0148 bilelikde guramagynda ge\u00e7irildi we b\u00e4\u015f gatna\u015fyjy [&hellip;]<\/p>\n                                <a title=\"Merkezi Azi\u00fda \u00fdurtlaryny\u0148 \u00fda\u015f diplomatlary \u00fc\u00e7in ikinji okuw kursy.\" class=\"read-more\" href=\"https:\/\/ambashgabat.esteri.it\/tk\/news\/dall_ambasciata\/2026\/03\/merkezi-aziya-yurtlarynyn-yas-diplomatlary-ucin-ikinji-okuw-kursy\/\">\n                                    <span class=\"text\">Dowamyny oka<\/span>\n                                    <svg class=\"icon\">\n                                    <use xlink:href=\"https:\/\/ambashgabat.esteri.it\/wp-content\/themes\/sedi-tema\/assets\/svg\/sprites.svg#it-arrow-right\"><\/use>\n                                    <\/svg>\n                                <\/a>\n                                                    <\/div>\n                    <\/div>\n                <\/div>\n                <!--end card-->\n                <\/div><!-- col-12 .mt-3-->\n                            <div class=\"col-12 mt-3\">\n                <!--start card-->\n                <div class=\"card-wrapper card-space\">\n                    <div class=\"card card-bg card-big border-bottom-card\">\n                        <div class=\"card-body \">\n                                                        <div class=\"category-top\">\n                                                                                                            <span class=\"\">\n                                        <svg class=\"icon icon-secondary\">\n                                            <use xlink:href=\"https:\/\/ambashgabat.esteri.it\/wp-content\/themes\/sedi-tema\/assets\/svg\/sprites.svg#it-calendar\"><\/use>\n                                        <\/svg> 16 March 2026                                    <\/span>\n                                                                    <\/div>\n                            <h5 class=\"card-title big-heading text-uppercase\"><a class=\"text-body text-decoration-none\" href=\"https:\/\/ambashgabat.esteri.it\/tk\/news\/dall_ambasciata\/2026\/03\/ii-corso-di-formazione-per-giovani-diplomatici-dei-paesi-dellasia-centrale\/\" title=\"Merkezi Azi\u00fda \u00fdurtlaryny\u0148 \u00fda\u015f diplomatlary \u00fc\u00e7in ikinji okuw kursy\">Merkezi Azi\u00fda \u00fdurtlaryny\u0148 \u00fda\u015f diplomatlary \u00fc\u00e7in ikinji okuw kursy<\/a><\/h5>\n                            <p class=\"card-text\">A\u015fgabat, 2026-njy \u00fdyly\u0148 13-nji marty: 9\u201313 mart aralygynda A\u015fgabat \u015f\u00e4herinde Merkezi Azi\u00fda \u00fdurtlaryny\u0148 \u00fda\u015f diplomatlary \u00fc\u00e7in ikinji okuw kursy ge\u00e7irildi. Biz T\u00fcrkmenistany\u0148 Da\u015fary i\u015fler ministrligini\u0148 Halkara gatna\u015fyklary institutynda ge\u00e7irilen a\u00e7yly\u015f dabarasyna gatna\u015fdyk, bu \u00e7\u00e4r\u00e4 T\u00fcrkmenistany\u0148 Da\u015fary i\u015fler ministrini\u0148 orunbasary Mahri Ba\u015fimowa gatna\u015fdy. Okuw kursy T\u00fcrkmenistandaky Birle\u015fen Milletler Guramasyny\u0148 ulgamy we T\u00fcrkmenistany\u0148 Da\u015fary i\u015fler ministrligi tarapyndan [&hellip;]<\/p>\n                                <a title=\"Merkezi Azi\u00fda \u00fdurtlaryny\u0148 \u00fda\u015f diplomatlary \u00fc\u00e7in ikinji okuw kursy\" class=\"read-more\" href=\"https:\/\/ambashgabat.esteri.it\/tk\/news\/dall_ambasciata\/2026\/03\/ii-corso-di-formazione-per-giovani-diplomatici-dei-paesi-dellasia-centrale\/\">\n                                    <span class=\"text\">Dowamyny oka<\/span>\n                                    <svg class=\"icon\">\n                                    <use xlink:href=\"https:\/\/ambashgabat.esteri.it\/wp-content\/themes\/sedi-tema\/assets\/svg\/sprites.svg#it-arrow-right\"><\/use>\n                                    <\/svg>\n                                <\/a>\n                                                    <\/div>\n                    <\/div>\n                <\/div>\n                <!--end card-->\n                <\/div><!-- col-12 .mt-3-->\n                            <div class=\"col-12 mt-3\">\n                <!--start card-->\n                <div class=\"card-wrapper card-space\">\n                    <div class=\"card card-bg card-big border-bottom-card\">\n                        <div class=\"card-body \">\n                                                        <div class=\"category-top\">\n                                                                                                            <span class=\"\">\n                                        <svg class=\"icon icon-secondary\">\n                                            <use xlink:href=\"https:\/\/ambashgabat.esteri.it\/wp-content\/themes\/sedi-tema\/assets\/svg\/sprites.svg#it-calendar\"><\/use>\n                                        <\/svg> 12 March 2026                                    <\/span>\n                                                                    <\/div>\n                            <h5 class=\"card-title big-heading text-uppercase\"><a class=\"text-body text-decoration-none\" href=\"https:\/\/ambashgabat.esteri.it\/tk\/news\/dall_ambasciata\/2026\/03\/studiare-in-italia-2\/\" title=\"Itali\u00fdada oka\">Itali\u00fdada oka<\/a><\/h5>\n                            <p class=\"card-text\">\u015eu \u00fdyl hem Itali\u00fdada t\u00fcrkmen talyplaryna ni\u00fdetlenen 2026\/2027 akademik \u00fdyly \u00fc\u00e7in stipendi\u00fdalar h\u00f6d\u00fcrlen\u00fd\u00e4r. Maglumat \u201cItali\u00fdany\u0148 h\u00f6k\u00fcmeti tarapyndan beril\u00fd\u00e4n adaty stipendialar \u2013 2026\/2027 akademik \u00fdyly\u201d atly bildiri\u015fde el\u00fdeterli bolup, a\u015fakdaky sahypalarda tapyp bol\u00fdar: https:\/\/studyinitaly.esteri.it\/ https:\/\/www.esteri.it\/it\/servizi-opportunita\/opportunita\/borse-di-studio\/per-cittadini-stranieri\/borsestudio_stranieri\/ \u2013 MAECI -Da\u015fary i\u015fler we Halkara hyzmatda\u015flyk ministrligini\u0148 resmi web sahypasynda &#8211; Itali\u00fdany\u0148 h\u00f6k\u00fcmeti tarapyndan h\u00f6d\u00fcrlen\u00fd\u00e4n stipendialar b\u00f6l\u00fcmi https:\/\/ambashgabat.esteri.it Gerekli resminamalary\u0148 [&hellip;]<\/p>\n                                <a title=\"Itali\u00fdada oka\" class=\"read-more\" href=\"https:\/\/ambashgabat.esteri.it\/tk\/news\/dall_ambasciata\/2026\/03\/studiare-in-italia-2\/\">\n                                    <span class=\"text\">Dowamyny oka<\/span>\n                                    <svg class=\"icon\">\n                                    <use xlink:href=\"https:\/\/ambashgabat.esteri.it\/wp-content\/themes\/sedi-tema\/assets\/svg\/sprites.svg#it-arrow-right\"><\/use>\n                                    <\/svg>\n                                <\/a>\n                                                    <\/div>\n                    <\/div>\n                <\/div>\n                <!--end card-->\n                <\/div><!-- col-12 .mt-3-->\n                            <div class=\"col-12 mt-3\">\n                <!--start card-->\n                <div class=\"card-wrapper card-space\">\n                    <div class=\"card card-bg card-big border-bottom-card\">\n                        <div class=\"card-body \">\n                                                        <div class=\"category-top\">\n                                                                                                            <span class=\"\">\n                                        <svg class=\"icon icon-secondary\">\n                                            <use xlink:href=\"https:\/\/ambashgabat.esteri.it\/wp-content\/themes\/sedi-tema\/assets\/svg\/sprites.svg#it-calendar\"><\/use>\n                                        <\/svg> 2 March 2026                                    <\/span>\n                                                                    <\/div>\n                            <h5 class=\"card-title big-heading text-uppercase\"><a class=\"text-body text-decoration-none\" href=\"https:\/\/ambashgabat.esteri.it\/tk\/news\/dall_ambasciata\/2026\/03\/numero-di-emergenza-dellambasciata-ditalia-ad-ashgabat-00993-61-174271\/\" title=\"Numero di emergenza dell&#8217;Ambasciata d&#8217;Italia ad Ashgabat 00993 61 174271\">Numero di emergenza dell&#8217;Ambasciata d&#8217;Italia ad Ashgabat 00993 61 174271<\/a><\/h5>\n                            <p class=\"card-text\">Avviso ai connazionali Ashgabat, 2 marzo 2026: alla luce dell&#8217;attuale situazione di instabilit\u00e0 a livello regionale,\u00a0\u00a0si ritiene opportuno ricordare: il numero telefonico di emergenza per i cittadini italiani, da utilizzare per tutti i casi urgenti di assistenza consolare: +993 61 174271; l\u2019orario d&#8217;ufficio della Sezione Consolare: da luned\u00ec a gioved\u00ec dalle ore 9:00 alle 17:00 [&hellip;]<\/p>\n                                <a title=\"Numero di emergenza dell&#8217;Ambasciata d&#8217;Italia ad Ashgabat 00993 61 174271\" class=\"read-more\" href=\"https:\/\/ambashgabat.esteri.it\/tk\/news\/dall_ambasciata\/2026\/03\/numero-di-emergenza-dellambasciata-ditalia-ad-ashgabat-00993-61-174271\/\">\n                                    <span class=\"text\">Dowamyny oka<\/span>\n                                    <svg class=\"icon\">\n                                    <use xlink:href=\"https:\/\/ambashgabat.esteri.it\/wp-content\/themes\/sedi-tema\/assets\/svg\/sprites.svg#it-arrow-right\"><\/use>\n                                    <\/svg>\n                                <\/a>\n                                                    <\/div>\n                    <\/div>\n                <\/div>\n                <!--end card-->\n                <\/div><!-- col-12 .mt-3-->\n                            <div class=\"col-12 mt-3\">\n                <!--start card-->\n                <div class=\"card-wrapper card-space\">\n                    <div class=\"card card-bg card-big border-bottom-card\">\n                        <div class=\"card-body \">\n                                                        <div class=\"category-top\">\n                                                                                                            <span class=\"\">\n                                        <svg class=\"icon icon-secondary\">\n                                            <use xlink:href=\"https:\/\/ambashgabat.esteri.it\/wp-content\/themes\/sedi-tema\/assets\/svg\/sprites.svg#it-calendar\"><\/use>\n                                        <\/svg> 23 February 2026                                    <\/span>\n                                                                    <\/div>\n                            <h5 class=\"card-title big-heading text-uppercase\"><a class=\"text-body text-decoration-none\" href=\"https:\/\/ambashgabat.esteri.it\/tk\/news\/dall_ambasciata\/2026\/02\/maintenance-of-the-prenotami-application\/\" title=\"PRENOTAMI ulgamynda tehniki i\u015fler\">PRENOTAMI ulgamynda tehniki i\u015fler<\/a><\/h5>\n                            <p class=\"card-text\">Maglumat: 23.02.2026 senesinden 25.02.2026 arasynda (\u015fol seneler hem gir\u00fd\u00e4r) PRENOTAMI bellige aly\u015f ulgamy wagtla\u00fdyn\u00e7a el\u00fdeterli d\u00e4ldir.<\/p>\n                                <a title=\"PRENOTAMI ulgamynda tehniki i\u015fler\" class=\"read-more\" href=\"https:\/\/ambashgabat.esteri.it\/tk\/news\/dall_ambasciata\/2026\/02\/maintenance-of-the-prenotami-application\/\">\n                                    <span class=\"text\">Dowamyny oka<\/span>\n                                    <svg class=\"icon\">\n                                    <use xlink:href=\"https:\/\/ambashgabat.esteri.it\/wp-content\/themes\/sedi-tema\/assets\/svg\/sprites.svg#it-arrow-right\"><\/use>\n                                    <\/svg>\n                                <\/a>\n                                                    <\/div>\n                    <\/div>\n                <\/div>\n                <!--end card-->\n                <\/div><!-- col-12 .mt-3-->\n                            <div class=\"col-12 mt-3\">\n                <!--start card-->\n                <div class=\"card-wrapper card-space\">\n                    <div class=\"card card-bg card-big border-bottom-card\">\n                        <div class=\"card-body \">\n                                                        <div class=\"category-top\">\n                                                                                                            <span class=\"\">\n                                        <svg class=\"icon icon-secondary\">\n                                            <use xlink:href=\"https:\/\/ambashgabat.esteri.it\/wp-content\/themes\/sedi-tema\/assets\/svg\/sprites.svg#it-calendar\"><\/use>\n                                        <\/svg> 23 February 2026                                    <\/span>\n                                                                    <\/div>\n                            <h5 class=\"card-title big-heading text-uppercase\"><a class=\"text-body text-decoration-none\" href=\"https:\/\/ambashgabat.esteri.it\/tk\/news\/dall_ambasciata\/2026\/02\/prenotami-ulgamynyn-tehniki-isler\/\" title=\"PRENOTAMI ulgamynda tehniki i\u015fler\">PRENOTAMI ulgamynda tehniki i\u015fler<\/a><\/h5>\n                            <p class=\"card-text\">Maglumat: 23.02.2026 senesinden 25.02.2026 arasynda (\u015fol seneler hem gir\u00fd\u00e4r) PRENOTAMI bellige aly\u015f ulgamy wagtla\u00fdyn\u00e7a el\u00fdeterli d\u00e4ldir.<\/p>\n                                <a title=\"PRENOTAMI ulgamynda tehniki i\u015fler\" class=\"read-more\" href=\"https:\/\/ambashgabat.esteri.it\/tk\/news\/dall_ambasciata\/2026\/02\/prenotami-ulgamynyn-tehniki-isler\/\">\n                                    <span class=\"text\">Dowamyny oka<\/span>\n                                    <svg class=\"icon\">\n                                    <use xlink:href=\"https:\/\/ambashgabat.esteri.it\/wp-content\/themes\/sedi-tema\/assets\/svg\/sprites.svg#it-arrow-right\"><\/use>\n                                    <\/svg>\n                                <\/a>\n                                                    <\/div>\n                    <\/div>\n                <\/div>\n                <!--end card-->\n                <\/div><!-- col-12 .mt-3-->\n                            <div class=\"col-12 mt-3\">\n                <!--start card-->\n                <div class=\"card-wrapper card-space\">\n                    <div class=\"card card-bg card-big border-bottom-card\">\n                        <div class=\"card-body \">\n                                                        <div class=\"category-top\">\n                                                                                                            <span class=\"\">\n                                        <svg class=\"icon icon-secondary\">\n                                            <use xlink:href=\"https:\/\/ambashgabat.esteri.it\/wp-content\/themes\/sedi-tema\/assets\/svg\/sprites.svg#it-calendar\"><\/use>\n                                        <\/svg> 23 February 2026                                    <\/span>\n                                                                    <\/div>\n                            <h5 class=\"card-title big-heading text-uppercase\"><a class=\"text-body text-decoration-none\" href=\"https:\/\/ambashgabat.esteri.it\/tk\/news\/dall_ambasciata\/2026\/02\/11135\/\" title=\"\"><\/a><\/h5>\n                            <p class=\"card-text\">A\u015fgabat, 2026-njy \u00fdyly\u0148 20-nji fewraly: \u015eu \u00fdyl hem Itali\u00fdany\u0148 Il\u00e7ihanasy \u201cT\u00fcrkmenistany\u0148 Diplomatik I\u015f\u00e7ilerini\u0148 G\u00fcn\u00fc\u201d mynasybetli ge\u00e7irilen serg\u00e4 i\u015fje\u0148 gatna\u015fdy. At\u00e7ylyk bo\u00fdun\u00e7a Itali\u00fdany\u0148 gazanan \u00fdokary \u00fcst\u00fcnliklerini g\u00f6rkez\u00fd\u00e4n materiallary\u0148 bir toplumyny Milli Kawaleri\u00fda Assosiasi\u00fdasy bilen hyzmatda\u015flykda h\u00f6d\u00fcrledik. T\u00fcrkmenistany\u0148 Ministrler Kabinetini\u0148 Ba\u015flygyny\u0148 orunbasary we Da\u015fary I\u015fler Ministri Ra\u015fid Meredow bizi\u0148 stendimize baryp g\u00f6rdi we gatna\u015fygymyz \u00fc\u00e7in gutlaglaryny be\u00fdan [&hellip;]<\/p>\n                                <a title=\"\" class=\"read-more\" href=\"https:\/\/ambashgabat.esteri.it\/tk\/news\/dall_ambasciata\/2026\/02\/11135\/\">\n                                    <span class=\"text\">Dowamyny oka<\/span>\n                                    <svg class=\"icon\">\n                                    <use xlink:href=\"https:\/\/ambashgabat.esteri.it\/wp-content\/themes\/sedi-tema\/assets\/svg\/sprites.svg#it-arrow-right\"><\/use>\n                                    <\/svg>\n                                <\/a>\n                                                    <\/div>\n                    <\/div>\n                <\/div>\n                <!--end card-->\n                <\/div><!-- col-12 .mt-3-->\n                            <div class=\"col-12 mt-3\">\n                <!--start card-->\n                <div class=\"card-wrapper card-space\">\n                    <div class=\"card card-bg card-big border-bottom-card\">\n                        <div class=\"card-body \">\n                                                        <div class=\"category-top\">\n                                                                                                            <span class=\"\">\n                                        <svg class=\"icon icon-secondary\">\n                                            <use xlink:href=\"https:\/\/ambashgabat.esteri.it\/wp-content\/themes\/sedi-tema\/assets\/svg\/sprites.svg#it-calendar\"><\/use>\n                                        <\/svg> 28 January 2026                                    <\/span>\n                                                                    <\/div>\n                            <h5 class=\"card-title big-heading text-uppercase\"><a class=\"text-body text-decoration-none\" href=\"https:\/\/ambashgabat.esteri.it\/tk\/news\/dall_ambasciata\/2026\/01\/wiza-isleyis-ulgamy-anna-guni-13-nji-fewraldan-sisenbe-guni-17-nji-fewrala-cenli-elyeterli-bolmaz\/\" title=\"Wiza i\u015fle\u00fdi\u015f ulgamy anna g\u00fcni 13-nji fewraldan si\u015fenbe g\u00fcni 17-nji fewrala \u00e7enli el\u00fdeterli bolmaz.\">Wiza i\u015fle\u00fdi\u015f ulgamy anna g\u00fcni 13-nji fewraldan si\u015fenbe g\u00fcni 17-nji fewrala \u00e7enli el\u00fdeterli bolmaz.<\/a><\/h5>\n                            <p class=\"card-text\">T\u00fcrkmenistanda \u015eengen wizasyna \u00fd\u00fcz tut\u00fdan ra\u00fdatlary\u0148 dykgatyna \u00fdetiril\u00fd\u00e4r: \u00e7yl\u015fyrymly tehniki i\u015fler seb\u00e4pli wizalary ga\u00fdtadan i\u015fle\u00fd\u00e4n maglumat ulgamy anna g\u00fcni 13-nji fewraldan si\u015fenbe g\u00fcni 17-nji fewrala \u00e7enli el\u00fdeterli bolmaz. Ulgam \u00e7ar\u015fenbe g\u00fcni 18-nji fewraldan ba\u015flap \u00fdene-de kadaly \u00fdagda\u00fdda i\u015fl\u00e4r. Ulgamy\u0148 i\u015flemez d\u00f6w\u00fcrlerinde \u00f6\u0148\u00fcnden bellenen du\u015fu\u015fygy bolan \u00fd\u00fcz tutujylar t\u00e4ze du\u015fu\u015fyk senesini ylala\u015fmak \u00fc\u00e7in i\u015fg\u00e4rlerimiz tarapyndan habarla\u015fylar.<\/p>\n                                <a title=\"Wiza i\u015fle\u00fdi\u015f ulgamy anna g\u00fcni 13-nji fewraldan si\u015fenbe g\u00fcni 17-nji fewrala \u00e7enli el\u00fdeterli bolmaz.\" class=\"read-more\" href=\"https:\/\/ambashgabat.esteri.it\/tk\/news\/dall_ambasciata\/2026\/01\/wiza-isleyis-ulgamy-anna-guni-13-nji-fewraldan-sisenbe-guni-17-nji-fewrala-cenli-elyeterli-bolmaz\/\">\n                                    <span class=\"text\">Dowamyny oka<\/span>\n                                    <svg class=\"icon\">\n                                    <use xlink:href=\"https:\/\/ambashgabat.esteri.it\/wp-content\/themes\/sedi-tema\/assets\/svg\/sprites.svg#it-arrow-right\"><\/use>\n                                    <\/svg>\n                                <\/a>\n                                                    <\/div>\n                    <\/div>\n                <\/div>\n                <!--end card-->\n                <\/div><!-- col-12 .mt-3-->\n                            <div class=\"col-12 mt-3\">\n                <!--start card-->\n                <div class=\"card-wrapper card-space\">\n                    <div class=\"card card-bg card-big border-bottom-card\">\n                        <div class=\"card-body \">\n                                                        <div class=\"category-top\">\n                                                                                                            <span class=\"\">\n                                        <svg class=\"icon icon-secondary\">\n                                            <use xlink:href=\"https:\/\/ambashgabat.esteri.it\/wp-content\/themes\/sedi-tema\/assets\/svg\/sprites.svg#it-calendar\"><\/use>\n                                        <\/svg> 27 November 2025                                    <\/span>\n                                                                    <\/div>\n                            <h5 class=\"card-title big-heading text-uppercase\"><a class=\"text-body text-decoration-none\" href=\"https:\/\/ambashgabat.esteri.it\/tk\/news\/dall_ambasciata\/2025\/11\/25-noyabr-2025-dasary-isler-ministrligi-we-halkara-hyzmatdaslyk-ministrliginin-beyannamasy-zenanlara-garsy-zorlugy-yok-etmegin-halkara-gunu\/\" title=\"25 no\u00fdabr 2025: Da\u015fary i\u015fler ministrligi we Halkara hyzmatda\u015flyk ministrligini\u0148 be\u00fdannamasy \u2013 \u201cZenanlara gar\u015fy zorlugy \u00fdok etmegi\u0148 Halkara g\u00fcn\u00fc\u201d.\">25 no\u00fdabr 2025: Da\u015fary i\u015fler ministrligi we Halkara hyzmatda\u015flyk ministrligini\u0148 be\u00fdannamasy \u2013 \u201cZenanlara gar\u015fy zorlugy \u00fdok etmegi\u0148 Halkara g\u00fcn\u00fc\u201d.<\/a><\/h5>\n                            <p class=\"card-text\">Zenanlara gar\u015fy zorlugy \u00fdok etmegi\u0148 Halkara g\u00fcn\u00fcni\u0148 mynasybetli, Da\u015fary i\u015fler we Halkara hyzmatda\u015flyk ministri Antonio Tajani Itali\u00fdany\u0148 hem-de Da\u015fary i\u015fler ministrligini\u0148 \u00fdurdumyzda we d\u00fcn\u00fd\u00e4ni\u0148 d\u00fcrli \u00fdurtlarynda zenanlara gar\u015fy zorlugy\u0148 we kemsitmegi\u0148 \u00e4hli g\u00f6rn\u00fc\u015flerini\u0148 \u00f6\u0148\u00fcni almak we o\u0148a gar\u015fy g\u00f6re\u015fmek bo\u00fdun\u00e7a \u00fc\u00fdtgewsiz ygrarlylygyny \u00fdene bir gezek tassykla\u00fdar. \u201cZenanlara gar\u015fy zorluk \u2013 adam hukuklaryny\u0148 kabul ederliksiz bozulmagydyr [&hellip;]<\/p>\n                                <a title=\"25 no\u00fdabr 2025: Da\u015fary i\u015fler ministrligi we Halkara hyzmatda\u015flyk ministrligini\u0148 be\u00fdannamasy \u2013 \u201cZenanlara gar\u015fy zorlugy \u00fdok etmegi\u0148 Halkara g\u00fcn\u00fc\u201d.\" class=\"read-more\" href=\"https:\/\/ambashgabat.esteri.it\/tk\/news\/dall_ambasciata\/2025\/11\/25-noyabr-2025-dasary-isler-ministrligi-we-halkara-hyzmatdaslyk-ministrliginin-beyannamasy-zenanlara-garsy-zorlugy-yok-etmegin-halkara-gunu\/\">\n                                    <span class=\"text\">Dowamyny oka<\/span>\n                                    <svg class=\"icon\">\n                                    <use xlink:href=\"https:\/\/ambashgabat.esteri.it\/wp-content\/themes\/sedi-tema\/assets\/svg\/sprites.svg#it-arrow-right\"><\/use>\n                                    <\/svg>\n                                <\/a>\n                                                    <\/div>\n                    <\/div>\n                <\/div>\n                <!--end card-->\n                <\/div><!-- col-12 .mt-3-->\n            \n            <div class=\"col-md-12 mt-4 pb-4\">\n                <nav class=\"navigation col-md-12\" aria-label=\"Navigation\">\n                    <h2 class=\"screen-reader-text visually-hidden\">Paginazione<\/h2>\n                    <div class=\"nav-links\">\n                    <span aria-current=\"page\" class=\"page-numbers current\">1<\/span>\n<a class=\"page-numbers\" href=\"https:\/\/ambashgabat.esteri.it\/tk\/wp-json\/wp\/v2\/pages\/3863\/?pag=2\">2<\/a>\n<a class=\"page-numbers\" href=\"https:\/\/ambashgabat.esteri.it\/tk\/wp-json\/wp\/v2\/pages\/3863\/?pag=3\">3<\/a>\n<a class=\"page-numbers\" href=\"https:\/\/ambashgabat.esteri.it\/tk\/wp-json\/wp\/v2\/pages\/3863\/?pag=4\">4<\/a>\n<a class=\"next page-numbers\" href=\"https:\/\/ambashgabat.esteri.it\/tk\/wp-json\/wp\/v2\/pages\/3863\/?pag=2\"><svg class=\"icon icon-primary\"><use xlink:href=\"https:\/\/ambashgabat.esteri.it\/wp-content\/themes\/sedi-tema\/assets\/svg\/sprites.svg#it-chevron-right\"><\/use><\/svg>\n                                    <span class=\"visually-hidden\">Indiki sahypa<\/span><\/a>                    <\/div>\n                <\/nav>\n            <\/div>   <!--.col-md-12 -->\n              <\/div><!--.row -->\n              \n","protected":false},"excerpt":{"rendered":"","protected":false},"author":1,"featured_media":0,"parent":3766,"menu_order":0,"comment_status":"closed","ping_status":"closed","template":"","meta":{"footnotes":""},"class_list":["post-3863","page","type-page","status-publish","hentry"],"_links":{"self":[{"href":"https:\/\/ambashgabat.esteri.it\/tk\/wp-json\/wp\/v2\/pages\/3863","targetHints":{"allow":["GET"]}}],"collection":[{"href":"https:\/\/ambashgabat.esteri.it\/tk\/wp-json\/wp\/v2\/pages"}],"about":[{"href":"https:\/\/ambashgabat.esteri.it\/tk\/wp-json\/wp\/v2\/types\/page"}],"author":[{"embeddable":true,"href":"https:\/\/ambashgabat.esteri.it\/tk\/wp-json\/wp\/v2\/users\/1"}],"replies":[{"embeddable":true,"href":"https:\/\/ambashgabat.esteri.it\/tk\/wp-json\/wp\/v2\/comments?post=3863"}],"version-history":[{"count":1,"href":"https:\/\/ambashgabat.esteri.it\/tk\/wp-json\/wp\/v2\/pages\/3863\/revisions"}],"predecessor-version":[{"id":3865,"href":"https:\/\/ambashgabat.esteri.it\/tk\/wp-json\/wp\/v2\/pages\/3863\/revisions\/3865"}],"up":[{"embeddable":true,"href":"https:\/\/ambashgabat.esteri.it\/tk\/wp-json\/wp\/v2\/pages\/3766"}],"wp:attachment":[{"href":"https:\/\/ambashgabat.esteri.it\/tk\/wp-json\/wp\/v2\/media?parent=3863"}],"curies":[{"name":"wp","href":"https:\/\/api.w.org\/{rel}","templated":true}]}}